{"id":3099,"date":"2024-04-04T13:12:05","date_gmt":"2024-04-04T13:12:05","guid":{"rendered":"https:\/\/micheleencke.com\/novo\/?page_id=3099"},"modified":"2025-03-30T00:14:35","modified_gmt":"2025-03-30T00:14:35","slug":"founders-story","status":"publish","type":"page","link":"https:\/\/micheleencke.com\/en\/founders-story\/","title":{"rendered":"History of the founder"},"content":{"rendered":"<div data-elementor-type=\"wp-page\" data-elementor-id=\"3099\" class=\"elementor elementor-3099\" data-elementor-post-type=\"page\">\n\t\t\t\t<div class=\"elementor-element elementor-element-fd93556 e-flex e-con-boxed wpr-particle-no wpr-jarallax-no wpr-parallax-no wpr-sticky-section-no e-con e-parent\" data-id=\"fd93556\" data-element_type=\"container\" data-e-type=\"container\" data-settings=\"{&quot;background_background&quot;:&quot;classic&quot;}\">\n\t\t\t\t\t<div class=\"e-con-inner\">\n\t\t\t\t<div class=\"elementor-element elementor-element-c9705fc elementor-widget elementor-widget-heading\" data-id=\"c9705fc\" data-element_type=\"widget\" data-e-type=\"widget\" data-widget_type=\"heading.default\">\n\t\t\t\t\t<h1 class=\"elementor-heading-title elementor-size-default\">History of the Founder<\/h1>\t\t\t\t<\/div>\n\t\t\t\t<div class=\"elementor-element elementor-element-6a25d08 elementor-widget elementor-widget-heading\" data-id=\"6a25d08\" data-element_type=\"widget\" data-e-type=\"widget\" data-widget_type=\"heading.default\">\n\t\t\t\t\t<h2 class=\"elementor-heading-title elementor-size-default\">Michele Emcke<\/h2>\t\t\t\t<\/div>\n\t\t\t\t\t<\/div>\n\t\t\t\t<\/div>\n\t\t<div class=\"elementor-element elementor-element-d80e928 e-flex e-con-boxed wpr-particle-no wpr-jarallax-no wpr-parallax-no wpr-sticky-section-no e-con e-parent\" data-id=\"d80e928\" data-element_type=\"container\" data-e-type=\"container\">\n\t\t\t\t\t<div class=\"e-con-inner\">\n\t\t<div class=\"elementor-element elementor-element-f226627 e-con-full e-flex wpr-particle-no wpr-jarallax-no wpr-parallax-no wpr-sticky-section-no e-con e-child\" data-id=\"f226627\" data-element_type=\"container\" data-e-type=\"container\">\n\t\t\t\t<div class=\"elementor-element elementor-element-07adefc elementor-invisible elementor-widget elementor-widget-image\" data-id=\"07adefc\" data-element_type=\"widget\" data-e-type=\"widget\" data-settings=\"{&quot;_animation&quot;:&quot;fadeInLeft&quot;}\" data-widget_type=\"image.default\">\n\t\t\t\t\t\t\t\t\t\t\t\t\t\t\t<img loading=\"lazy\" decoding=\"async\" width=\"850\" height=\"1024\" src=\"https:\/\/micheleencke.com\/wp-content\/uploads\/2025\/01\/michele-emcke.jpg\" class=\"attachment-large size-large wp-image-7356\" alt=\"\" \/>\t\t\t\t\t\t\t\t\t\t\t\t\t\t\t<\/div>\n\t\t\t\t<\/div>\n\t\t<div class=\"elementor-element elementor-element-24382fd e-con-full e-flex wpr-particle-no wpr-jarallax-no wpr-parallax-no wpr-sticky-section-no e-con e-child\" data-id=\"24382fd\" data-element_type=\"container\" data-e-type=\"container\">\n\t\t\t\t<div class=\"elementor-element elementor-element-551d0b7 elementor-invisible elementor-widget elementor-widget-text-editor\" data-id=\"551d0b7\" data-element_type=\"widget\" data-e-type=\"widget\" data-settings=\"{&quot;_animation&quot;:&quot;fadeInRight&quot;}\" data-widget_type=\"text-editor.default\">\n\t\t\t\t\t\t\t\t\t<div class=\"wp-block-uagb-advanced-heading uagb-block-e874992d\"><p>Allow me to share my journey, which I consider to be a tale of determination, maternal love and entrepreneurship that has shaped my life and my identity as a woman and an immigrant.<\/p><p>I was born in 1988, in <em>Crici\u00fama, Santa Catarina<\/em>no <em>Brazil<\/em>. It was there that I took my first steps and discovered my passion for beauty and personal care. At the age of 16, with my son <em>Alan<\/em> and my heart full of dreams, I made the decision to embark on a journey towards <em>Portugal<\/em>where life promised new opportunities.<\/p><p>I landed in Portugal with a lot of determination, working in a bread factory in <em>Abrantes<\/em>while I looked after my little <em>Alan<\/em>. But it was during this journey that I realised that my true passion lay in the field of beauty. Before coming to <em>Portugal<\/em>I had already taken part in a training course at <em>Brazil<\/em> manicure, which included an intense internship in several salons in <em>Crici\u00fama<\/em>. I felt capable of carrying out this activity.<\/p><\/div>\t\t\t\t\t\t\t\t<\/div>\n\t\t\t\t<\/div>\n\t\t\t\t\t<\/div>\n\t\t\t\t<\/div>\n\t\t<div class=\"elementor-element elementor-element-f5ff4b9 e-flex e-con-boxed wpr-particle-no wpr-jarallax-no wpr-parallax-no wpr-sticky-section-no e-con e-parent\" data-id=\"f5ff4b9\" data-element_type=\"container\" data-e-type=\"container\">\n\t\t\t\t\t<div class=\"e-con-inner\">\n\t\t<div class=\"elementor-element elementor-element-81f5149 e-con-full e-flex wpr-particle-no wpr-jarallax-no wpr-parallax-no wpr-sticky-section-no e-con e-child\" data-id=\"81f5149\" data-element_type=\"container\" data-e-type=\"container\">\n\t\t\t\t<div class=\"elementor-element elementor-element-1517781 elementor-invisible elementor-widget elementor-widget-text-editor\" data-id=\"1517781\" data-element_type=\"widget\" data-e-type=\"widget\" data-settings=\"{&quot;_animation&quot;:&quot;fadeInUp&quot;}\" data-widget_type=\"text-editor.default\">\n\t\t\t\t\t\t\t\t\t<p>And so, aged just 20, I began my own entrepreneurial journey. <em>Abrantes<\/em> was the setting where my skills flourished, winning over a loyal clientele with my dedication and talent in nail art. Long, challenging days became my routine, but each carefully sculpted nail brought with it a sense of fulfilment.<\/p><p>At the same time, my family was growing with the arrival of my beloved <em>Mikaelly.<\/em>I started working as a beautician, adding even more responsibility and love to my life. I worked tirelessly, looking after my children and building my future in my new home, while at the same time trying to specialise even more in the field of aesthetics. I chose to take part in various training programmes and develop some partnerships, in particular with <em>SBNails<\/em>. There I took the most varied courses: various levels of manicure with specialisation in gel and acrylic nails, aesthetic treatments for the body and face, microblading, etc.<\/p><p>Over the years, life has led me to new paths and challenges. A move to <em>Lisbon<\/em>a separation, and the opportunity to work in a salon in <em>Carnaxide<\/em> brought me new experiences and learnings. It was there that the seed of my own salon began to germinate, in partnership with my current husband, <em>Ricardo Pedro<\/em>.<\/p><p>In 2016, the first salon was born <em>Michele Encke.<\/em>in <em>Queijas<\/em>This marked the beginning of an extraordinary journey. Also after about a year, in 2017, my third child was born, son <em>Diniz<\/em>. With an uncompromising determination, I sought to improve my skills, dedicating myself to hairdressing, aesthetics and salon management courses. <em>Portugal<\/em> and <em>Spain<\/em>my desire for excellence and innovation. I've attended training courses at a wide variety of academies, including: <em>L'Oreal Professional Academy, Philip Martin's Italy, Helen Seward Academy, Consulting and Concept Training, Universidad de la imagen<\/em>among others.<\/p><p>Since then, every step has been a dance between hard work and gratification, a relentless pursuit of excellence that has led us to expand our network beyond 5 salons in the UK. <em>Greater Lisbon and Santar\u00e9m<\/em>. Today, I look back with pride and gratitude, knowing that each challenge I overcame moulded not only the history of our company, but also the strong and determined woman I am today.<\/p>\t\t\t\t\t\t\t\t<\/div>\n\t\t\t\t<\/div>\n\t\t<div class=\"elementor-element elementor-element-85b3128 e-con-full e-flex wpr-particle-no wpr-jarallax-no wpr-parallax-no wpr-sticky-section-no e-con e-child\" data-id=\"85b3128\" data-element_type=\"container\" data-e-type=\"container\">\n\t\t\t\t<\/div>\n\t\t\t\t\t<\/div>\n\t\t\t\t<\/div>\n\t\t\t\t<\/div>","protected":false},"excerpt":{"rendered":"<p>Hist\u00f3ria da Fundadora Michele Emcke Permita-me partilhar a minha jornada, que considero um conto de determina\u00e7\u00e3o, amor materno e empreendedorismo que moldou minha vida e minha identidade como mulher e imigrante. Nasci em 1988, em Crici\u00fama, Santa Catarina, no Brasil. Foi l\u00e1 que dei os meus primeiros passos e descobri minha paix\u00e3o pela beleza e pelo cuidado pessoal. Aos 16 anos, j\u00e1 com meu filho Alan e o cora\u00e7\u00e3o repleto de sonhos, tomei a decis\u00e3o de embarcar numa jornada rumo a Portugal, onde a vida prometia novas oportunidades. Desembarquei em terras lusitanas muito determinada, trabalhei numa f\u00e1brica de p\u00e3o em Abrantes, enquanto cuidava do meu pequeno Alan. Mas foi durante essa jornada que percebi que minha verdadeira paix\u00e3o estava na \u00e1rea da beleza. Antes de vir para Portugal, j\u00e1 tinha participado numa forma\u00e7\u00e3o no Brasil de manicure, que contou com um est\u00e1gio intenso em v\u00e1rios sal\u00f5es em Crici\u00fama. Sentia-me com a capacidade de desenvolver essa actividade. Assim, com apenas 20 anos, dei in\u00edcio \u00e0 minha pr\u00f3pria jornada empreendedora. Abrantes foi o cen\u00e1rio onde minhas habilidades floresceram, conquistando uma clientela fiel com minha dedica\u00e7\u00e3o e talento nas artes das unhas. Dias longos e desafiadores se tornaram minha rotina, mas cada unha cuidadosamente esculpida trazia consigo uma sensa\u00e7\u00e3o de realiza\u00e7\u00e3o. Ao mesmo tempo, minha fam\u00edlia crescia com a chegada da minha querida Mikaelly, acrescentando ainda mais responsabilidades e amor \u00e0 minha vida. Trabalhava incansavelmente, cuidando dos meus filhos e construindo meu futuro no novo lar, ao mesmo tempo que procurava me especializar ainda mais na \u00e1rea da est\u00e9tica. Optei por participar em diversas forma\u00e7\u00f5es e desenvolver algumas parcerias, em particular com a SBNails. L\u00e1 tirei os mais variados cursos: v\u00e1rios n\u00edveis de manicure com especializa\u00e7\u00e3o em unhas de gel e acr\u00edlico, tratamentos est\u00e9ticos de corpo e rosto, microblading, etc. Com o passar dos anos, a vida me conduziu a novos caminhos e desafios. Uma mudan\u00e7a para Lisboa, uma separa\u00e7\u00e3o, e a oportunidade de trabalhar em um sal\u00e3o em Carnaxide me trouxeram novas experi\u00eancias e aprendizados. Foi l\u00e1 que a semente do meu pr\u00f3prio sal\u00e3o come\u00e7ou a germinar, em parceria com o meu atual marido, Ricardo Pedro. Em 2016, nasceu o primeiro sal\u00e3o Michele Encke, em Queijas, marcando o in\u00edcio de uma jornada extraordin\u00e1ria. Tamb\u00e9m ap\u00f3s cerca de um ano, em 2017, nasce o meu terceiro filho, o Diniz. Com uma determina\u00e7\u00e3o inflex\u00edvel, busquei aprimorar as minhas habilidades, dedicando-me a cursos de cabeleireiro, est\u00e9tica, e gest\u00e3o de sal\u00f5es em Portugal e Espanha, alimentando meu desejo de excel\u00eancia e inova\u00e7\u00e3o. Estive presente em forma\u00e7\u00f5es nas mais diversas academias desde: L&#8217;Oreal Professional Academy, Philip Martin&#8217;s Italy, Helen Seward Academy, Consulting and Concept Training, Universidad de la imagen, entre outras. Desde ent\u00e3o, cada passo tem sido uma dan\u00e7a entre trabalho \u00e1rduo e gratifica\u00e7\u00e3o, uma busca incessante pela excel\u00eancia que nos levou a expandir nossa rede para al\u00e9m de 5 sal\u00f5es na Grande Lisboa e Santar\u00e9m. Hoje, olho para tr\u00e1s com orgulho e gratid\u00e3o, sabendo que cada desafio superado moldou n\u00e3o apenas a hist\u00f3ria da nossa empresa, mas tamb\u00e9m a mulher forte e determinada que sou hoje.<\/p>","protected":false},"author":1,"featured_media":0,"parent":0,"menu_order":0,"comment_status":"closed","ping_status":"closed","template":"","meta":{"_eb_attr":"","site-sidebar-layout":"no-sidebar","site-content-layout":"page-builder","ast-site-content-layout":"full-width-container","site-content-style":"default","site-sidebar-style":"default","ast-global-header-display":"","ast-banner-title-visibility":"","ast-main-header-display":"","ast-hfb-above-header-display":"","ast-hfb-below-header-display":"","ast-hfb-mobile-header-display":"","site-post-title":"disabled","ast-breadcrumbs-content":"","ast-featured-img":"disabled","footer-sml-layout":"","ast-disable-related-posts":"","theme-transparent-header-meta":"","adv-header-id-meta":"","stick-header-meta":"","header-above-stick-meta":"","header-main-stick-meta":"","header-below-stick-meta":"","astra-migrate-meta-layouts":"set","ast-page-background-enabled":"default","ast-page-background-meta":{"desktop":{"background-color":"var(--ast-global-color-4)","background-image":"","background-repeat":"repeat","background-position":"center center","background-size":"auto","background-attachment":"scroll","background-type":"","background-media":"","overlay-type":"","overlay-color":"","overlay-opacity":"","overlay-gradient":""},"tablet":{"background-color":"","background-image":"","background-repeat":"repeat","background-position":"center center","background-size":"auto","background-attachment":"scroll","background-type":"","background-media":"","overlay-type":"","overlay-color":"","overlay-opacity":"","overlay-gradient":""},"mobile":{"background-color":"","background-image":"","background-repeat":"repeat","background-position":"center center","background-size":"auto","background-attachment":"scroll","background-type":"","background-media":"","overlay-type":"","overlay-color":"","overlay-opacity":"","overlay-gradient":""}},"ast-content-background-meta":{"desktop":{"background-color":"var(--ast-global-color-5)","background-image":"","background-repeat":"repeat","background-position":"center center","background-size":"auto","background-attachment":"scroll","background-type":"","background-media":"","overlay-type":"","overlay-color":"","overlay-opacity":"","overlay-gradient":""},"tablet":{"background-color":"var(--ast-global-color-5)","background-image":"","background-repeat":"repeat","background-position":"center center","background-size":"auto","background-attachment":"scroll","background-type":"","background-media":"","overlay-type":"","overlay-color":"","overlay-opacity":"","overlay-gradient":""},"mobile":{"background-color":"var(--ast-global-color-5)","background-image":"","background-repeat":"repeat","background-position":"center center","background-size":"auto","background-attachment":"scroll","background-type":"","background-media":"","overlay-type":"","overlay-color":"","overlay-opacity":"","overlay-gradient":""}},"footnotes":""},"class_list":["post-3099","page","type-page","status-publish","hentry"],"yoast_head":"<!-- This site is optimized with the Yoast SEO plugin v28.2 - https:\/\/yoast.com\/product\/yoast-seo-wordpress\/ -->\n<title>Hist\u00f3ria da fundadora - Michele Encke<\/title>\n<meta name=\"robots\" content=\"index, follow, max-snippet:-1, max-image-preview:large, max-video-preview:-1\" \/>\n<link rel=\"canonical\" href=\"https:\/\/micheleencke.com\/en\/founders-story\/\" \/>\n<meta property=\"og:locale\" content=\"en_GB\" \/>\n<meta property=\"og:type\" content=\"article\" \/>\n<meta property=\"og:title\" content=\"Hist\u00f3ria da fundadora - Michele Encke\" \/>\n<meta property=\"og:description\" content=\"Hist\u00f3ria da Fundadora Michele Emcke Permita-me partilhar a minha jornada, que considero um conto de determina\u00e7\u00e3o, amor materno e empreendedorismo que moldou minha vida e minha identidade como mulher e imigrante. Nasci em 1988, em Crici\u00fama, Santa Catarina, no Brasil. Foi l\u00e1 que dei os meus primeiros passos e descobri minha paix\u00e3o pela beleza e pelo cuidado pessoal. Aos 16 anos, j\u00e1 com meu filho Alan e o cora\u00e7\u00e3o repleto de sonhos, tomei a decis\u00e3o de embarcar numa jornada rumo a Portugal, onde a vida prometia novas oportunidades. Desembarquei em terras lusitanas muito determinada, trabalhei numa f\u00e1brica de p\u00e3o em Abrantes, enquanto cuidava do meu pequeno Alan. Mas foi durante essa jornada que percebi que minha verdadeira paix\u00e3o estava na \u00e1rea da beleza. Antes de vir para Portugal, j\u00e1 tinha participado numa forma\u00e7\u00e3o no Brasil de manicure, que contou com um est\u00e1gio intenso em v\u00e1rios sal\u00f5es em Crici\u00fama. Sentia-me com a capacidade de desenvolver essa actividade. Assim, com apenas 20 anos, dei in\u00edcio \u00e0 minha pr\u00f3pria jornada empreendedora. Abrantes foi o cen\u00e1rio onde minhas habilidades floresceram, conquistando uma clientela fiel com minha dedica\u00e7\u00e3o e talento nas artes das unhas. Dias longos e desafiadores se tornaram minha rotina, mas cada unha cuidadosamente esculpida trazia consigo uma sensa\u00e7\u00e3o de realiza\u00e7\u00e3o. Ao mesmo tempo, minha fam\u00edlia crescia com a chegada da minha querida Mikaelly, acrescentando ainda mais responsabilidades e amor \u00e0 minha vida. Trabalhava incansavelmente, cuidando dos meus filhos e construindo meu futuro no novo lar, ao mesmo tempo que procurava me especializar ainda mais na \u00e1rea da est\u00e9tica. Optei por participar em diversas forma\u00e7\u00f5es e desenvolver algumas parcerias, em particular com a SBNails. L\u00e1 tirei os mais variados cursos: v\u00e1rios n\u00edveis de manicure com especializa\u00e7\u00e3o em unhas de gel e acr\u00edlico, tratamentos est\u00e9ticos de corpo e rosto, microblading, etc. Com o passar dos anos, a vida me conduziu a novos caminhos e desafios. Uma mudan\u00e7a para Lisboa, uma separa\u00e7\u00e3o, e a oportunidade de trabalhar em um sal\u00e3o em Carnaxide me trouxeram novas experi\u00eancias e aprendizados. Foi l\u00e1 que a semente do meu pr\u00f3prio sal\u00e3o come\u00e7ou a germinar, em parceria com o meu atual marido, Ricardo Pedro. Em 2016, nasceu o primeiro sal\u00e3o Michele Encke, em Queijas, marcando o in\u00edcio de uma jornada extraordin\u00e1ria. Tamb\u00e9m ap\u00f3s cerca de um ano, em 2017, nasce o meu terceiro filho, o Diniz. Com uma determina\u00e7\u00e3o inflex\u00edvel, busquei aprimorar as minhas habilidades, dedicando-me a cursos de cabeleireiro, est\u00e9tica, e gest\u00e3o de sal\u00f5es em Portugal e Espanha, alimentando meu desejo de excel\u00eancia e inova\u00e7\u00e3o. Estive presente em forma\u00e7\u00f5es nas mais diversas academias desde: L&#8217;Oreal Professional Academy, Philip Martin&#8217;s Italy, Helen Seward Academy, Consulting and Concept Training, Universidad de la imagen, entre outras. Desde ent\u00e3o, cada passo tem sido uma dan\u00e7a entre trabalho \u00e1rduo e gratifica\u00e7\u00e3o, uma busca incessante pela excel\u00eancia que nos levou a expandir nossa rede para al\u00e9m de 5 sal\u00f5es na Grande Lisboa e Santar\u00e9m. Hoje, olho para tr\u00e1s com orgulho e gratid\u00e3o, sabendo que cada desafio superado moldou n\u00e3o apenas a hist\u00f3ria da nossa empresa, mas tamb\u00e9m a mulher forte e determinada que sou hoje.\" \/>\n<meta property=\"og:url\" content=\"https:\/\/micheleencke.com\/en\/founders-story\/\" \/>\n<meta property=\"og:site_name\" content=\"Michele Encke - Est\u00e9tica e Cabeleireiro\" \/>\n<meta property=\"article:publisher\" content=\"https:\/\/www.facebook.com\/michele.encke\" \/>\n<meta property=\"article:modified_time\" content=\"2025-03-30T00:14:35+00:00\" \/>\n<meta property=\"og:image\" content=\"https:\/\/micheleencke.com\/novo\/wp-content\/uploads\/2025\/01\/michele-emcke.jpg\" \/>\n<meta name=\"twitter:card\" content=\"summary_large_image\" \/>\n<meta name=\"twitter:label1\" content=\"Estimated reading time\" \/>\n\t<meta name=\"twitter:data1\" content=\"3 minutes\" \/>\n<script type=\"application\/ld+json\" class=\"yoast-schema-graph\">{\"@context\":\"https:\\\/\\\/schema.org\",\"@graph\":[{\"@type\":\"WebPage\",\"@id\":\"https:\\\/\\\/micheleencke.com\\\/historia-da-fundadora\\\/\",\"url\":\"https:\\\/\\\/micheleencke.com\\\/historia-da-fundadora\\\/\",\"name\":\"Hist\u00f3ria da fundadora - Michele Encke\",\"isPartOf\":{\"@id\":\"https:\\\/\\\/micheleencke.com\\\/#website\"},\"primaryImageOfPage\":{\"@id\":\"https:\\\/\\\/micheleencke.com\\\/historia-da-fundadora\\\/#primaryimage\"},\"image\":{\"@id\":\"https:\\\/\\\/micheleencke.com\\\/historia-da-fundadora\\\/#primaryimage\"},\"thumbnailUrl\":\"https:\\\/\\\/micheleencke.com\\\/novo\\\/wp-content\\\/uploads\\\/2025\\\/01\\\/michele-emcke.jpg\",\"datePublished\":\"2024-04-04T13:12:05+00:00\",\"dateModified\":\"2025-03-30T00:14:35+00:00\",\"breadcrumb\":{\"@id\":\"https:\\\/\\\/micheleencke.com\\\/historia-da-fundadora\\\/#breadcrumb\"},\"inLanguage\":\"en-GB\",\"potentialAction\":[{\"@type\":\"ReadAction\",\"target\":[\"https:\\\/\\\/micheleencke.com\\\/historia-da-fundadora\\\/\"]}]},{\"@type\":\"ImageObject\",\"inLanguage\":\"en-GB\",\"@id\":\"https:\\\/\\\/micheleencke.com\\\/historia-da-fundadora\\\/#primaryimage\",\"url\":\"https:\\\/\\\/micheleencke.com\\\/novo\\\/wp-content\\\/uploads\\\/2025\\\/01\\\/michele-emcke.jpg\",\"contentUrl\":\"https:\\\/\\\/micheleencke.com\\\/novo\\\/wp-content\\\/uploads\\\/2025\\\/01\\\/michele-emcke.jpg\"},{\"@type\":\"BreadcrumbList\",\"@id\":\"https:\\\/\\\/micheleencke.com\\\/historia-da-fundadora\\\/#breadcrumb\",\"itemListElement\":[{\"@type\":\"ListItem\",\"position\":1,\"name\":\"In\u00edcio\",\"item\":\"https:\\\/\\\/micheleencke.com\\\/\"},{\"@type\":\"ListItem\",\"position\":2,\"name\":\"Hist\u00f3ria da fundadora\"}]},{\"@type\":\"WebSite\",\"@id\":\"https:\\\/\\\/micheleencke.com\\\/#website\",\"url\":\"https:\\\/\\\/micheleencke.com\\\/\",\"name\":\"Michele Encke - Est\u00e9tica e Cabeleireiro\",\"description\":\"Deixamos a mulher cada vez mais bela!\",\"publisher\":{\"@id\":\"https:\\\/\\\/micheleencke.com\\\/#organization\"},\"potentialAction\":[{\"@type\":\"SearchAction\",\"target\":{\"@type\":\"EntryPoint\",\"urlTemplate\":\"https:\\\/\\\/micheleencke.com\\\/?s={search_term_string}\"},\"query-input\":{\"@type\":\"PropertyValueSpecification\",\"valueRequired\":true,\"valueName\":\"search_term_string\"}}],\"inLanguage\":\"en-GB\"},{\"@type\":\"Organization\",\"@id\":\"https:\\\/\\\/micheleencke.com\\\/#organization\",\"name\":\"Michele Encke - Est\u00e9tica e Cabeleireiro\",\"url\":\"https:\\\/\\\/micheleencke.com\\\/\",\"logo\":{\"@type\":\"ImageObject\",\"inLanguage\":\"en-GB\",\"@id\":\"https:\\\/\\\/micheleencke.com\\\/#\\\/schema\\\/logo\\\/image\\\/\",\"url\":\"https:\\\/\\\/micheleencke.com\\\/wp-content\\\/uploads\\\/2024\\\/03\\\/Petalas-Michele-Encke-lilas.png\",\"contentUrl\":\"https:\\\/\\\/micheleencke.com\\\/wp-content\\\/uploads\\\/2024\\\/03\\\/Petalas-Michele-Encke-lilas.png\",\"width\":\"568\",\"height\":\"550\",\"caption\":\"Michele Encke - Est\u00e9tica e Cabeleireiro\"},\"image\":{\"@id\":\"https:\\\/\\\/micheleencke.com\\\/#\\\/schema\\\/logo\\\/image\\\/\"},\"sameAs\":[\"https:\\\/\\\/www.facebook.com\\\/michele.encke\",\"https:\\\/\\\/www.instagram.com\\\/michele_encke\\\/\"]}]}<\/script>\n<!-- \/ Yoast SEO plugin. -->","yoast_head_json":{"title":"Founder's story - Michele Encke","robots":{"index":"index","follow":"follow","max-snippet":"max-snippet:-1","max-image-preview":"max-image-preview:large","max-video-preview":"max-video-preview:-1"},"canonical":"https:\/\/micheleencke.com\/en\/founders-story\/","og_locale":"en_GB","og_type":"article","og_title":"Hist\u00f3ria da fundadora - Michele Encke","og_description":"Hist\u00f3ria da Fundadora Michele Emcke Permita-me partilhar a minha jornada, que considero um conto de determina\u00e7\u00e3o, amor materno e empreendedorismo que moldou minha vida e minha identidade como mulher e imigrante. Nasci em 1988, em Crici\u00fama, Santa Catarina, no Brasil. Foi l\u00e1 que dei os meus primeiros passos e descobri minha paix\u00e3o pela beleza e pelo cuidado pessoal. Aos 16 anos, j\u00e1 com meu filho Alan e o cora\u00e7\u00e3o repleto de sonhos, tomei a decis\u00e3o de embarcar numa jornada rumo a Portugal, onde a vida prometia novas oportunidades. Desembarquei em terras lusitanas muito determinada, trabalhei numa f\u00e1brica de p\u00e3o em Abrantes, enquanto cuidava do meu pequeno Alan. Mas foi durante essa jornada que percebi que minha verdadeira paix\u00e3o estava na \u00e1rea da beleza. Antes de vir para Portugal, j\u00e1 tinha participado numa forma\u00e7\u00e3o no Brasil de manicure, que contou com um est\u00e1gio intenso em v\u00e1rios sal\u00f5es em Crici\u00fama. Sentia-me com a capacidade de desenvolver essa actividade. Assim, com apenas 20 anos, dei in\u00edcio \u00e0 minha pr\u00f3pria jornada empreendedora. Abrantes foi o cen\u00e1rio onde minhas habilidades floresceram, conquistando uma clientela fiel com minha dedica\u00e7\u00e3o e talento nas artes das unhas. Dias longos e desafiadores se tornaram minha rotina, mas cada unha cuidadosamente esculpida trazia consigo uma sensa\u00e7\u00e3o de realiza\u00e7\u00e3o. Ao mesmo tempo, minha fam\u00edlia crescia com a chegada da minha querida Mikaelly, acrescentando ainda mais responsabilidades e amor \u00e0 minha vida. Trabalhava incansavelmente, cuidando dos meus filhos e construindo meu futuro no novo lar, ao mesmo tempo que procurava me especializar ainda mais na \u00e1rea da est\u00e9tica. Optei por participar em diversas forma\u00e7\u00f5es e desenvolver algumas parcerias, em particular com a SBNails. L\u00e1 tirei os mais variados cursos: v\u00e1rios n\u00edveis de manicure com especializa\u00e7\u00e3o em unhas de gel e acr\u00edlico, tratamentos est\u00e9ticos de corpo e rosto, microblading, etc. Com o passar dos anos, a vida me conduziu a novos caminhos e desafios. Uma mudan\u00e7a para Lisboa, uma separa\u00e7\u00e3o, e a oportunidade de trabalhar em um sal\u00e3o em Carnaxide me trouxeram novas experi\u00eancias e aprendizados. Foi l\u00e1 que a semente do meu pr\u00f3prio sal\u00e3o come\u00e7ou a germinar, em parceria com o meu atual marido, Ricardo Pedro. Em 2016, nasceu o primeiro sal\u00e3o Michele Encke, em Queijas, marcando o in\u00edcio de uma jornada extraordin\u00e1ria. Tamb\u00e9m ap\u00f3s cerca de um ano, em 2017, nasce o meu terceiro filho, o Diniz. Com uma determina\u00e7\u00e3o inflex\u00edvel, busquei aprimorar as minhas habilidades, dedicando-me a cursos de cabeleireiro, est\u00e9tica, e gest\u00e3o de sal\u00f5es em Portugal e Espanha, alimentando meu desejo de excel\u00eancia e inova\u00e7\u00e3o. Estive presente em forma\u00e7\u00f5es nas mais diversas academias desde: L&#8217;Oreal Professional Academy, Philip Martin&#8217;s Italy, Helen Seward Academy, Consulting and Concept Training, Universidad de la imagen, entre outras. Desde ent\u00e3o, cada passo tem sido uma dan\u00e7a entre trabalho \u00e1rduo e gratifica\u00e7\u00e3o, uma busca incessante pela excel\u00eancia que nos levou a expandir nossa rede para al\u00e9m de 5 sal\u00f5es na Grande Lisboa e Santar\u00e9m. Hoje, olho para tr\u00e1s com orgulho e gratid\u00e3o, sabendo que cada desafio superado moldou n\u00e3o apenas a hist\u00f3ria da nossa empresa, mas tamb\u00e9m a mulher forte e determinada que sou hoje.","og_url":"https:\/\/micheleencke.com\/en\/founders-story\/","og_site_name":"Michele Encke - Est\u00e9tica e Cabeleireiro","article_publisher":"https:\/\/www.facebook.com\/michele.encke","article_modified_time":"2025-03-30T00:14:35+00:00","og_image":[{"url":"https:\/\/micheleencke.com\/novo\/wp-content\/uploads\/2025\/01\/michele-emcke.jpg","type":"","width":"","height":""}],"twitter_card":"summary_large_image","twitter_misc":{"Estimated reading time":"3 minutes"},"schema":{"@context":"https:\/\/schema.org","@graph":[{"@type":"WebPage","@id":"https:\/\/micheleencke.com\/historia-da-fundadora\/","url":"https:\/\/micheleencke.com\/historia-da-fundadora\/","name":"Founder's story - Michele Encke","isPartOf":{"@id":"https:\/\/micheleencke.com\/#website"},"primaryImageOfPage":{"@id":"https:\/\/micheleencke.com\/historia-da-fundadora\/#primaryimage"},"image":{"@id":"https:\/\/micheleencke.com\/historia-da-fundadora\/#primaryimage"},"thumbnailUrl":"https:\/\/micheleencke.com\/novo\/wp-content\/uploads\/2025\/01\/michele-emcke.jpg","datePublished":"2024-04-04T13:12:05+00:00","dateModified":"2025-03-30T00:14:35+00:00","breadcrumb":{"@id":"https:\/\/micheleencke.com\/historia-da-fundadora\/#breadcrumb"},"inLanguage":"en-GB","potentialAction":[{"@type":"ReadAction","target":["https:\/\/micheleencke.com\/historia-da-fundadora\/"]}]},{"@type":"ImageObject","inLanguage":"en-GB","@id":"https:\/\/micheleencke.com\/historia-da-fundadora\/#primaryimage","url":"https:\/\/micheleencke.com\/novo\/wp-content\/uploads\/2025\/01\/michele-emcke.jpg","contentUrl":"https:\/\/micheleencke.com\/novo\/wp-content\/uploads\/2025\/01\/michele-emcke.jpg"},{"@type":"BreadcrumbList","@id":"https:\/\/micheleencke.com\/historia-da-fundadora\/#breadcrumb","itemListElement":[{"@type":"ListItem","position":1,"name":"In\u00edcio","item":"https:\/\/micheleencke.com\/"},{"@type":"ListItem","position":2,"name":"Hist\u00f3ria da fundadora"}]},{"@type":"WebSite","@id":"https:\/\/micheleencke.com\/#website","url":"https:\/\/micheleencke.com\/","name":"Michele Encke - Aesthetics and Hairdressing","description":"We make women more beautiful every day!","publisher":{"@id":"https:\/\/micheleencke.com\/#organization"},"potentialAction":[{"@type":"SearchAction","target":{"@type":"EntryPoint","urlTemplate":"https:\/\/micheleencke.com\/?s={search_term_string}"},"query-input":{"@type":"PropertyValueSpecification","valueRequired":true,"valueName":"search_term_string"}}],"inLanguage":"en-GB"},{"@type":"Organization","@id":"https:\/\/micheleencke.com\/#organization","name":"Michele Encke - Aesthetics and Hairdressing","url":"https:\/\/micheleencke.com\/","logo":{"@type":"ImageObject","inLanguage":"en-GB","@id":"https:\/\/micheleencke.com\/#\/schema\/logo\/image\/","url":"https:\/\/micheleencke.com\/wp-content\/uploads\/2024\/03\/Petalas-Michele-Encke-lilas.png","contentUrl":"https:\/\/micheleencke.com\/wp-content\/uploads\/2024\/03\/Petalas-Michele-Encke-lilas.png","width":"568","height":"550","caption":"Michele Encke - Est\u00e9tica e Cabeleireiro"},"image":{"@id":"https:\/\/micheleencke.com\/#\/schema\/logo\/image\/"},"sameAs":["https:\/\/www.facebook.com\/michele.encke","https:\/\/www.instagram.com\/michele_encke\/"]}]}},"_links":{"self":[{"href":"https:\/\/micheleencke.com\/en\/wp-json\/wp\/v2\/pages\/3099","targetHints":{"allow":["GET"]}}],"collection":[{"href":"https:\/\/micheleencke.com\/en\/wp-json\/wp\/v2\/pages"}],"about":[{"href":"https:\/\/micheleencke.com\/en\/wp-json\/wp\/v2\/types\/page"}],"author":[{"embeddable":true,"href":"https:\/\/micheleencke.com\/en\/wp-json\/wp\/v2\/users\/1"}],"replies":[{"embeddable":true,"href":"https:\/\/micheleencke.com\/en\/wp-json\/wp\/v2\/comments?post=3099"}],"version-history":[{"count":14,"href":"https:\/\/micheleencke.com\/en\/wp-json\/wp\/v2\/pages\/3099\/revisions"}],"predecessor-version":[{"id":8306,"href":"https:\/\/micheleencke.com\/en\/wp-json\/wp\/v2\/pages\/3099\/revisions\/8306"}],"wp:attachment":[{"href":"https:\/\/micheleencke.com\/en\/wp-json\/wp\/v2\/media?parent=3099"}],"curies":[{"name":"wp","href":"https:\/\/api.w.org\/{rel}","templated":true}]}}